{"id":2027,"date":"2024-09-27T02:49:27","date_gmt":"2024-09-27T00:49:27","guid":{"rendered":"https:\/\/www.christinesaintlaurens.com\/?page_id=2027"},"modified":"2024-10-09T23:57:19","modified_gmt":"2024-10-09T21:57:19","slug":"approach","status":"publish","type":"page","link":"https:\/\/www.christinesaintlaurens.com\/fr\/approach\/","title":{"rendered":"Approche"},"content":{"rendered":"<div class=\"wpb-content-wrapper\"><div data-vc-full-width=\"true\" data-vc-full-width-temp=\"true\" data-vc-full-width-init=\"false\" class=\"vc_row wpb_row vc_row-fluid vc_custom_1728486916173 vc_row-has-fill\"><div class=\"wpb_column vc_column_container vc_col-sm-12\"><div class=\"vc_column-inner\"><div class=\"wpb_wrapper\"><div class=\"vc_row wpb_row vc_inner vc_row-fluid\"><div class=\"wpb_column vc_column_container vc_col-sm-8\"><div class=\"vc_column-inner\"><div class=\"wpb_wrapper\">\n\t<div class=\"wpb_text_column wpb_content_element\" >\n\t\t<div class=\"wpb_wrapper\">\n\t\t\t<div class=\"wp-block-uagb-info-box uagb-block-xfwqc8pf uagb-infobox__content-wrap uagb-infobox-icon-above-title uagb-infobox-image-valign-top\">\n<div class=\"uagb-ifb-content\">\n<p class=\"uagb-ifb-desc\">Mon approche s'appuie sur une compr\u00e9hension fine des dynamiques humaines et organisationnelles. En alliant r\u00e9flexion strat\u00e9gique et intelligence \u00e9motionnelle, j\u2019aide les leaders et leurs \u00e9quipes \u00e0 cultiver une croissance durable. Chaque leader trouve un espace pour explorer ses ressources internes et relever les d\u00e9fis avec clart\u00e9 et confiance. Ce processus soutient une transformation authentique qui prend racine \u00e0 l\u2019int\u00e9rieur et se refl\u00e8te dans des actions align\u00e9es \u00e0 l\u2019ext\u00e9rieur.<\/p>\n<h3 class=\"uagb-ifb-desc\">Mon approche<\/h3>\n<p class=\"uagb-ifb-desc\">Mon accompagnement est centr\u00e9 sur l'humain, alliant r\u00e9flexion et alignement. En int\u00e9grant des perspectives strat\u00e9giques et une compr\u00e9hension fine des dynamiques \u00e9motionnelles et syst\u00e9miques, j\u2019aide chaque leader, chaque \u00e9quipe \u00e0 cultiver une croissance durable. Ce processus est ancr\u00e9 dans une conscience \u00e9largie de soi et des autres. Il soutient une transformation qui \u00e9merge de l'int\u00e9rieur tout en ayant un impact durable \u00e0 l'ext\u00e9rieur.<\/p>\n<\/div>\n<\/div>\n\n\t\t<\/div>\n\t<\/div>\n<\/div><\/div><\/div><div class=\"wpb_column vc_column_container vc_col-sm-4\"><div class=\"vc_column-inner\"><div class=\"wpb_wrapper\">\n\t<div  class=\"wpb_single_image wpb_content_element vc_align_center wpb_content_element\">\n\t\t\n\t\t<figure class=\"wpb_wrapper vc_figure\">\n\t\t\t<div class=\"vc_single_image-wrapper vc_box_circle  vc_box_border_grey\"><img loading=\"lazy\" decoding=\"async\" width=\"1080\" height=\"1080\" src=\"https:\/\/www.christinesaintlaurens.com\/wp-content\/uploads\/2024\/10\/Christine-Saint-Laurens-Photo-GF-n\u00b010.png\" class=\"vc_single_image-img attachment-full\" alt=\"\" title=\"Christine Saint Laurens - Photo GF n\u00b010\" srcset=\"https:\/\/www.christinesaintlaurens.com\/wp-content\/uploads\/2024\/10\/Christine-Saint-Laurens-Photo-GF-n\u00b010.png 1080w, https:\/\/www.christinesaintlaurens.com\/wp-content\/uploads\/2024\/10\/Christine-Saint-Laurens-Photo-GF-n\u00b010-300x300.png 300w, https:\/\/www.christinesaintlaurens.com\/wp-content\/uploads\/2024\/10\/Christine-Saint-Laurens-Photo-GF-n\u00b010-1024x1024.png 1024w, https:\/\/www.christinesaintlaurens.com\/wp-content\/uploads\/2024\/10\/Christine-Saint-Laurens-Photo-GF-n\u00b010-150x150.png 150w, https:\/\/www.christinesaintlaurens.com\/wp-content\/uploads\/2024\/10\/Christine-Saint-Laurens-Photo-GF-n\u00b010-768x768.png 768w, https:\/\/www.christinesaintlaurens.com\/wp-content\/uploads\/2024\/10\/Christine-Saint-Laurens-Photo-GF-n\u00b010-12x12.png 12w\" sizes=\"auto, (max-width: 1080px) 100vw, 1080px\" \/><\/div>\n\t\t<\/figure>\n\t<\/div>\n<\/div><\/div><\/div><\/div><div class=\"vc_empty_space\"   style=\"height: 52px\"><span class=\"vc_empty_space_inner\"><\/span><\/div><\/div><\/div><\/div><\/div><div class=\"vc_row-full-width vc_clearfix\"><\/div><div data-vc-full-width=\"true\" data-vc-full-width-temp=\"true\" data-vc-full-width-init=\"false\" class=\"vc_row wpb_row vc_row-fluid vc_custom_1728491430568 vc_row-has-fill\"><div class=\"wpb_column vc_column_container vc_col-sm-12 vc_col-has-fill\"><div class=\"vc_column-inner vc_custom_1728487274504\"><div class=\"wpb_wrapper\"><h3 style=\"color: #2D4059;text-align: center\" class=\"vc_custom_heading vc_do_custom_heading\" >Les piliers de mon approche<\/h3><div class=\"services-wrapper services-boxed-photo cols-wrapper cols-3\"><div class=\"services-box col services-no-image\"><div class=\"services-content\"><div class=\"sc-wraper\"><h3>Clarifier et aligner<\/h3><p>Nous engageons un processus d\u2019exploration pour faire \u00e9merger une vision claire, capable d\u2019aligner vos valeurs, vos aspirations et vos actions avec les besoins de votre organisation. Ce cadre vous permet de prendre des d\u00e9cisions en accord avec vos principes et de lib\u00e9rer votre plein potentiel de leadership.<\/p><\/div><\/div><\/div><div class=\"services-box col services-no-image\"><div class=\"services-content\"><div class=\"sc-wraper\"><h3>Incarner un leadership confiant<\/h3><p>\u00c0 travers des pratiques introspectives et un travail approfondi sur les forces individuelles, je vous aide \u00e0 d\u00e9velopper une confiance solide et une r\u00e9silience ancr\u00e9e. Cela vous permet de diriger avec conviction et d\u2019inspirer ceux qui vous entourent tout en favorisant un \u00e9panouissement personnel et collectif.<\/p><\/div><\/div><\/div><div class=\"services-box col nomargin services-no-image\"><div class=\"services-content\"><div class=\"sc-wraper\"><h3>Cr\u00e9er un impact positif<\/h3><p>Je travaille avec vous pour b\u00e2tir un leadership qui laisse une empreinte durable sur votre organisation et vos \u00e9quipes. Ensemble, nous cr\u00e9ons un impact positif, align\u00e9 sur vos valeurs et qui r\u00e9sonne au-del\u00e0 des objectifs imm\u00e9diats.<\/p><\/div><\/div><\/div><div class=\"services-box col services-no-image\"><div class=\"services-content\"><div class=\"sc-wraper\"><h3>Impulser une transformation durable<\/h3><p>La transformation durable d\u00e9passe les ajustements superficiels. Elle consiste \u00e0 cr\u00e9er des environnements o\u00f9 la cr\u00e9ativit\u00e9, la collaboration et le bien-\u00eatre sont au centre de la croissance. Mon accompagnement permet de b\u00e2tir des cultures organisationnelles r\u00e9silientes, capables de s\u2019adapter et d\u2019innover en permanence.<\/p><\/div><\/div><\/div><div class=\"services-box col services-no-image\"><div class=\"services-content\"><div class=\"sc-wraper\"><h3>Apprivoiser la complexit\u00e9<\/h3><p>Dans un monde en constante \u00e9volution, je vous aide \u00e0 transformer la complexit\u00e9 en une opportunit\u00e9 de connexion et d\u2019innovation. En d\u00e9veloppant une vision syst\u00e9mique, vous apprenez \u00e0 comprendre les dynamiques invisibles qui influencent vos \u00e9quipes et votre \u00e9cosyst\u00e8me. Vous dirigez ainsi avec clart\u00e9, m\u00eame dans l\u2019incertitude.<\/p><\/div><\/div><\/div><div class=\"services-box col nomargin\"><a href=\"https:\/\/www.christinesaintlaurens.com\/fr\/contact\/\"><div class=\"img-container\"><img decoding=\"async\" src=\"http:\/\/www.christinesaintlaurens.com\/wp-content\/uploads\/2024\/10\/@christine-saint-Laurent-visuels-site-bannieres-3-368x245.png\" alt=\"You want know more ? \"\/><\/div><\/a><div class=\"services-content\"><div class=\"sc-wraper\"><h3><a href=\"https:\/\/www.christinesaintlaurens.com\/fr\/contact\/\">Vous voulez en savoir plus ? <\/a><\/h3><p>Echangeons<\/p><\/div><\/div><\/div><div class=\"clear\"><\/div><\/div><div class=\"vc_empty_space\"   style=\"height: 52px\"><span class=\"vc_empty_space_inner\"><\/span><\/div><\/div><\/div><\/div><\/div><div class=\"vc_row-full-width vc_clearfix\"><\/div><div data-vc-full-width=\"true\" data-vc-full-width-temp=\"true\" data-vc-full-width-init=\"false\" class=\"vc_row wpb_row vc_row-fluid vc_custom_1727392687503 vc_row-has-fill\"><div class=\"wpb_column vc_column_container vc_col-sm-12\"><div class=\"vc_column-inner\"><div class=\"wpb_wrapper\"><div class=\"vc_row wpb_row vc_inner vc_row-fluid\"><div class=\"wpb_column vc_column_container vc_col-sm-4\"><div class=\"vc_column-inner\"><div class=\"wpb_wrapper\">\n\t<div  class=\"wpb_single_image wpb_content_element vc_align_center wpb_content_element\">\n\t\t\n\t\t<figure class=\"wpb_wrapper vc_figure\">\n\t\t\t<div class=\"vc_single_image-wrapper   vc_box_border_grey\"><img decoding=\"async\" class=\"vc_single_image-img\" src=\"https:\/\/www.christinesaintlaurens.com\/wp-content\/uploads\/2024\/10\/Design-sans-titre-6-300x500.png\" width=\"300\" height=\"500\" alt=\"Design sans titre-6\" title=\"Design sans titre-6\" loading=\"lazy\" \/><\/div>\n\t\t<\/figure>\n\t<\/div>\n<\/div><\/div><\/div><div class=\"wpb_column vc_column_container vc_col-sm-8\"><div class=\"vc_column-inner\"><div class=\"wpb_wrapper\">\n\t<div class=\"wpb_text_column wpb_content_element\" >\n\t\t<div class=\"wpb_wrapper\">\n\t\t\t<div class=\"wp-block-uagb-container uagb-block-cfcfb675\">\n<div class=\"wp-block-uagb-advanced-heading uagb-block-e12706d5\">\n<h3 class=\"uagb-heading-text\" style=\"text-align: left;\">Ce que vous pouvez attendre<\/h3>\n<\/div>\n<p><!-- \/wp:post-content --><\/div>\n<p><!-- \/wp:uagb\/container -->&nbsp;<\/p>\n<p><!-- wp:uagb\/container {\"block_id\":\"1f409a69\",\"widthDesktop\":70,\"alignItemsDesktop\":\"flex-start\",\"justifyContentDesktop\":\"flex-start\",\"topPaddingDesktop\":0,\"bottomPaddingDesktop\":0,\"leftPaddingDesktop\":0,\"rightPaddingDesktop\":0,\"topPaddingTablet\":0,\"bottomPaddingTablet\":0,\"leftPaddingTablet\":0,\"rightPaddingTablet\":0,\"topPaddingMobile\":0,\"bottomPaddingMobile\":0,\"leftPaddingMobile\":0,\"rightPaddingMobile\":0,\"topMarginDesktop\":0,\"bottomMarginDesktop\":0,\"leftMarginDesktop\":0,\"rightMarginDesktop\":0,\"topMarginTablet\":0,\"bottomMarginTablet\":0,\"leftMarginTablet\":0,\"rightMarginTablet\":0,\"topMarginMobile\":0,\"bottomMarginMobile\":0,\"leftMarginMobile\":0,\"rightMarginMobile\":0,\"rowGapDesktop\":0,\"rowGapTablet\":0,\"rowGapMobile\":0,\"columnGapDesktop\":0,\"columnGapTablet\":0,\"columnGapMobile\":0,\"widthSetByUser\":true} --><\/p>\n<div class=\"wp-block-uagb-container uagb-block-1f409a69\"><!-- wp:uagb\/advanced-heading {\"block_id\":\"1b48171c\",\"classMigrate\":true,\"headingDescToggle\":false,\"headingTag\":\"p\"} --><\/p>\n<div class=\"wp-block-uagb-advanced-heading uagb-block-1b48171c\">\n<ul>\n<li><strong>Un accompagnement sur mesure :<\/strong> Chaque parcours est unique. Mon accompagnement est enti\u00e8rement personnalis\u00e9 afin de refl\u00e9ter vos d\u00e9fis et vos aspirations sp\u00e9cifiques.<\/li>\n<li><strong>Des strat\u00e9gies pragmatiques :<\/strong> Ensemble, nous \u00e9laborons des strat\u00e9gies et utilisons des outils imm\u00e9diatement applicables, fond\u00e9s sur des recherches \u00e9prouv\u00e9es, pour vous permettre de diriger avec confiance, clart\u00e9 et bienveillance.<\/li>\n<li><strong>Un soutien continu :<\/strong> Le leadership peut parfois sembler isolant, mais je suis \u00e0 vos c\u00f4t\u00e9s \u00e0 chaque \u00e9tape de votre cheminement, pour garantir une progression coh\u00e9rente et transformatrice.<\/li>\n<\/ul>\n<\/div>\n<\/div>\n\n\t\t<\/div>\n\t<\/div>\n\n\t<div class=\"wpb_text_column wpb_content_element\" >\n\t\t<div class=\"wpb_wrapper\">\n\t\t\t<div class=\"wp-block-uagb-container uagb-block-10ddb0c9\">\n<div class=\"wp-block-uagb-advanced-heading uagb-block-f374cdc6\">\n<h3 class=\"uagb-heading-text\">Les personnes que j'accompagne<\/h3>\n<\/div>\n<p><!-- \/wp:uagb\/advanced-heading --><\/div>\n<p><!-- \/wp:uagb\/container -->&nbsp;<\/p>\n<p><!-- wp:uagb\/container {\"block_id\":\"cfc74992\",\"widthDesktop\":70,\"alignItemsDesktop\":\"flex-start\",\"justifyContentDesktop\":\"flex-start\",\"topPaddingDesktop\":0,\"bottomPaddingDesktop\":0,\"leftPaddingDesktop\":0,\"rightPaddingDesktop\":0,\"topPaddingTablet\":0,\"bottomPaddingTablet\":0,\"leftPaddingTablet\":0,\"rightPaddingTablet\":0,\"topPaddingMobile\":0,\"bottomPaddingMobile\":0,\"leftPaddingMobile\":0,\"rightPaddingMobile\":0,\"topMarginDesktop\":0,\"bottomMarginDesktop\":0,\"leftMarginDesktop\":0,\"rightMarginDesktop\":0,\"topMarginTablet\":0,\"bottomMarginTablet\":0,\"leftMarginTablet\":0,\"rightMarginTablet\":0,\"topMarginMobile\":0,\"bottomMarginMobile\":0,\"leftMarginMobile\":0,\"rightMarginMobile\":0,\"rowGapDesktop\":0,\"rowGapTablet\":0,\"rowGapMobile\":0,\"columnGapDesktop\":0,\"columnGapTablet\":0,\"columnGapMobile\":0,\"widthSetByUser\":true} --><\/p>\n<div class=\"wp-block-uagb-container uagb-block-cfc74992\"><!-- wp:uagb\/advanced-heading {\"block_id\":\"8ecc45df\",\"classMigrate\":true,\"headingDescToggle\":false,\"headingTag\":\"p\"} --><\/p>\n<div class=\"wp-block-uagb-advanced-heading uagb-block-8ecc45df\">\n<p class=\"uagb-heading-text\">Je collabore avec des leaders visionnaires, des cadres \u00e0 fort potentiel et des organisations pr\u00eates \u00e0 embrasser le changement et \u00e0 cr\u00e9er un impact durable et positif. Que vous soyez confront\u00e9 \u00e0 des d\u00e9fis de leadership, \u00e0 une transformation organisationnelle ou que vous cherchiez \u00e0 instaurer une culture plus collaborative et innovante, je suis l\u00e0 pour vous aider \u00e0 lib\u00e9rer votre plein potentiel et inspirer un changement significatif.<\/p>\n<\/div>\n<\/div>\n\n\t\t<\/div>\n\t<\/div>\n<\/div><\/div><\/div><\/div><div class=\"vc_btn3-container vc_btn3-right vc_do_btn\" ><a onmouseleave=\"this.style.borderColor='#FF6F61'; this.style.backgroundColor='transparent'; this.style.color='#FF6F61'\" onmouseenter=\"this.style.borderColor='#FF6F61'; this.style.backgroundColor='#FF6F61'; this.style.color='#ffffff';\" style=\"border-color:#FF6F61; color:#FF6F61;\" class=\"vc_general vc_btn3 vc_btn3-size-md vc_btn3-shape-rounded vc_btn3-style-outline-custom\" href=\"https:\/\/www.christinesaintlaurens.com\/fr\/contact\/\" title=\"Echangeons\">Echangeons !<\/a><\/div><div class=\"vc_empty_space\"   style=\"height: 32px\"><span class=\"vc_empty_space_inner\"><\/span><\/div><\/div><\/div><\/div><\/div><div class=\"vc_row-full-width vc_clearfix\"><\/div>\r\n<\/div>","protected":false},"excerpt":{"rendered":"At the heart of my work is a mission: to empower leaders to navigate complexity with confidence while creating a [...]","protected":false},"author":2,"featured_media":0,"parent":0,"menu_order":0,"comment_status":"closed","ping_status":"closed","template":"","meta":{"footnotes":""},"class_list":["post-2027","page","type-page","status-publish","hentry"],"yoast_head":"<!-- This site is optimized with the Yoast SEO plugin v25.8 - https:\/\/yoast.com\/wordpress\/plugins\/seo\/ -->\n<title>Approach - Christine Saint Laurens<\/title>\n<meta name=\"robots\" content=\"index, follow, max-snippet:-1, max-image-preview:large, max-video-preview:-1\" \/>\n<link rel=\"canonical\" href=\"https:\/\/www.christinesaintlaurens.com\/fr\/approach\/\" \/>\n<meta property=\"og:locale\" content=\"fr_FR\" \/>\n<meta property=\"og:type\" content=\"article\" \/>\n<meta property=\"og:title\" content=\"Approach - Christine Saint Laurens\" \/>\n<meta property=\"og:url\" content=\"https:\/\/www.christinesaintlaurens.com\/fr\/approach\/\" \/>\n<meta property=\"og:site_name\" content=\"Christine Saint Laurens\" \/>\n<meta property=\"article:modified_time\" content=\"2024-10-09T21:57:19+00:00\" \/>\n<meta name=\"twitter:card\" content=\"summary_large_image\" \/>\n<meta name=\"twitter:label1\" content=\"Dur\u00e9e de lecture estim\u00e9e\" \/>\n\t<meta name=\"twitter:data1\" content=\"3 minutes\" \/>\n<script type=\"application\/ld+json\" class=\"yoast-schema-graph\">{\"@context\":\"https:\/\/schema.org\",\"@graph\":[{\"@type\":\"WebPage\",\"@id\":\"https:\/\/www.christinesaintlaurens.com\/approach\/\",\"url\":\"https:\/\/www.christinesaintlaurens.com\/approach\/\",\"name\":\"Approach - Christine Saint Laurens\",\"isPartOf\":{\"@id\":\"https:\/\/www.christinesaintlaurens.com\/#website\"},\"datePublished\":\"2024-09-27T00:49:27+00:00\",\"dateModified\":\"2024-10-09T21:57:19+00:00\",\"breadcrumb\":{\"@id\":\"https:\/\/www.christinesaintlaurens.com\/approach\/#breadcrumb\"},\"inLanguage\":\"fr-FR\",\"potentialAction\":[{\"@type\":\"ReadAction\",\"target\":[\"https:\/\/www.christinesaintlaurens.com\/approach\/\"]}]},{\"@type\":\"BreadcrumbList\",\"@id\":\"https:\/\/www.christinesaintlaurens.com\/approach\/#breadcrumb\",\"itemListElement\":[{\"@type\":\"ListItem\",\"position\":1,\"name\":\"Home\",\"item\":\"https:\/\/www.christinesaintlaurens.com\/\"},{\"@type\":\"ListItem\",\"position\":2,\"name\":\"Approach\"}]},{\"@type\":\"WebSite\",\"@id\":\"https:\/\/www.christinesaintlaurens.com\/#website\",\"url\":\"https:\/\/www.christinesaintlaurens.com\/\",\"name\":\"Christine Saint Laurens\",\"description\":\"\",\"publisher\":{\"@id\":\"https:\/\/www.christinesaintlaurens.com\/#organization\"},\"potentialAction\":[{\"@type\":\"SearchAction\",\"target\":{\"@type\":\"EntryPoint\",\"urlTemplate\":\"https:\/\/www.christinesaintlaurens.com\/?s={search_term_string}\"},\"query-input\":{\"@type\":\"PropertyValueSpecification\",\"valueRequired\":true,\"valueName\":\"search_term_string\"}}],\"inLanguage\":\"fr-FR\"},{\"@type\":\"Organization\",\"@id\":\"https:\/\/www.christinesaintlaurens.com\/#organization\",\"name\":\"Christine Saint Laurens\",\"url\":\"https:\/\/www.christinesaintlaurens.com\/\",\"logo\":{\"@type\":\"ImageObject\",\"inLanguage\":\"fr-FR\",\"@id\":\"https:\/\/www.christinesaintlaurens.com\/#\/schema\/logo\/image\/\",\"url\":\"https:\/\/www.christinesaintlaurens.com\/wp-content\/uploads\/2024\/09\/Votre-texte-de-paragraphe1-e1725373555603.png\",\"contentUrl\":\"https:\/\/www.christinesaintlaurens.com\/wp-content\/uploads\/2024\/09\/Votre-texte-de-paragraphe1-e1725373555603.png\",\"width\":268,\"height\":70,\"caption\":\"Christine Saint Laurens\"},\"image\":{\"@id\":\"https:\/\/www.christinesaintlaurens.com\/#\/schema\/logo\/image\/\"},\"sameAs\":[\"https:\/\/www.linkedin.com\/in\/christine-saint-laurens\/\"]}]}<\/script>\n<!-- \/ Yoast SEO plugin. -->","yoast_head_json":{"title":"Approach - Christine Saint Laurens","robots":{"index":"index","follow":"follow","max-snippet":"max-snippet:-1","max-image-preview":"max-image-preview:large","max-video-preview":"max-video-preview:-1"},"canonical":"https:\/\/www.christinesaintlaurens.com\/fr\/approach\/","og_locale":"fr_FR","og_type":"article","og_title":"Approach - Christine Saint Laurens","og_url":"https:\/\/www.christinesaintlaurens.com\/fr\/approach\/","og_site_name":"Christine Saint Laurens","article_modified_time":"2024-10-09T21:57:19+00:00","twitter_card":"summary_large_image","twitter_misc":{"Dur\u00e9e de lecture estim\u00e9e":"3 minutes"},"schema":{"@context":"https:\/\/schema.org","@graph":[{"@type":"WebPage","@id":"https:\/\/www.christinesaintlaurens.com\/approach\/","url":"https:\/\/www.christinesaintlaurens.com\/approach\/","name":"Approach - Christine Saint Laurens","isPartOf":{"@id":"https:\/\/www.christinesaintlaurens.com\/#website"},"datePublished":"2024-09-27T00:49:27+00:00","dateModified":"2024-10-09T21:57:19+00:00","breadcrumb":{"@id":"https:\/\/www.christinesaintlaurens.com\/approach\/#breadcrumb"},"inLanguage":"fr-FR","potentialAction":[{"@type":"ReadAction","target":["https:\/\/www.christinesaintlaurens.com\/approach\/"]}]},{"@type":"BreadcrumbList","@id":"https:\/\/www.christinesaintlaurens.com\/approach\/#breadcrumb","itemListElement":[{"@type":"ListItem","position":1,"name":"Home","item":"https:\/\/www.christinesaintlaurens.com\/"},{"@type":"ListItem","position":2,"name":"Approach"}]},{"@type":"WebSite","@id":"https:\/\/www.christinesaintlaurens.com\/#website","url":"https:\/\/www.christinesaintlaurens.com\/","name":"Christine Saint Laurens","description":"","publisher":{"@id":"https:\/\/www.christinesaintlaurens.com\/#organization"},"potentialAction":[{"@type":"SearchAction","target":{"@type":"EntryPoint","urlTemplate":"https:\/\/www.christinesaintlaurens.com\/?s={search_term_string}"},"query-input":{"@type":"PropertyValueSpecification","valueRequired":true,"valueName":"search_term_string"}}],"inLanguage":"fr-FR"},{"@type":"Organization","@id":"https:\/\/www.christinesaintlaurens.com\/#organization","name":"Christine Saint Laurens","url":"https:\/\/www.christinesaintlaurens.com\/","logo":{"@type":"ImageObject","inLanguage":"fr-FR","@id":"https:\/\/www.christinesaintlaurens.com\/#\/schema\/logo\/image\/","url":"https:\/\/www.christinesaintlaurens.com\/wp-content\/uploads\/2024\/09\/Votre-texte-de-paragraphe1-e1725373555603.png","contentUrl":"https:\/\/www.christinesaintlaurens.com\/wp-content\/uploads\/2024\/09\/Votre-texte-de-paragraphe1-e1725373555603.png","width":268,"height":70,"caption":"Christine Saint Laurens"},"image":{"@id":"https:\/\/www.christinesaintlaurens.com\/#\/schema\/logo\/image\/"},"sameAs":["https:\/\/www.linkedin.com\/in\/christine-saint-laurens\/"]}]}},"_links":{"self":[{"href":"https:\/\/www.christinesaintlaurens.com\/fr\/wp-json\/wp\/v2\/pages\/2027","targetHints":{"allow":["GET"]}}],"collection":[{"href":"https:\/\/www.christinesaintlaurens.com\/fr\/wp-json\/wp\/v2\/pages"}],"about":[{"href":"https:\/\/www.christinesaintlaurens.com\/fr\/wp-json\/wp\/v2\/types\/page"}],"author":[{"embeddable":true,"href":"https:\/\/www.christinesaintlaurens.com\/fr\/wp-json\/wp\/v2\/users\/2"}],"replies":[{"embeddable":true,"href":"https:\/\/www.christinesaintlaurens.com\/fr\/wp-json\/wp\/v2\/comments?post=2027"}],"version-history":[{"count":48,"href":"https:\/\/www.christinesaintlaurens.com\/fr\/wp-json\/wp\/v2\/pages\/2027\/revisions"}],"predecessor-version":[{"id":2363,"href":"https:\/\/www.christinesaintlaurens.com\/fr\/wp-json\/wp\/v2\/pages\/2027\/revisions\/2363"}],"wp:attachment":[{"href":"https:\/\/www.christinesaintlaurens.com\/fr\/wp-json\/wp\/v2\/media?parent=2027"}],"curies":[{"name":"wp","href":"https:\/\/api.w.org\/{rel}","templated":true}]}}